{"id":119,"date":"2025-07-01T13:41:25","date_gmt":"2025-07-01T12:41:25","guid":{"rendered":"https:\/\/cpps.pt\/home\/"},"modified":"2025-11-24T17:58:10","modified_gmt":"2025-11-24T17:58:10","slug":"home","status":"publish","type":"page","link":"https:\/\/cpps.pt\/es\/","title":{"rendered":"Hogar"},"content":{"rendered":"<div data-elementor-type=\"wp-page\" data-elementor-id=\"119\" class=\"elementor elementor-119\" data-elementor-post-type=\"page\">\n\t\t\t\t<div class=\"elementor-element elementor-element-8911b85 e-flex e-con-boxed e-con e-parent\" data-id=\"8911b85\" data-element_type=\"container\" data-settings=\"{&quot;background_background&quot;:&quot;classic&quot;}\">\n\t\t\t\t\t<div class=\"e-con-inner\">\n\t\t\t\t<div class=\"elementor-element elementor-element-569aa2c elementor-widget elementor-widget-gva-content-carousel\" data-id=\"569aa2c\" data-element_type=\"widget\" data-widget_type=\"gva-content-carousel.default\">\n\t\t\t\t<div class=\"elementor-widget-container\">\n\t\t\t\t\t<div class=\"gva-element-gva-content-carousel gva-element\">\r\n<div class=\"gsc-content-carousel swiper-slider-wrapper\">\r\n   <div class=\"swiper-content-inner\">\r\n      <div class=\"init-carousel-swiper swiper\" data-carousel=\"{&quot;items&quot;:1,&quot;items_lg&quot;:1,&quot;items_md&quot;:1,&quot;items_sm&quot;:1,&quot;items_xs&quot;:1,&quot;items_xx&quot;:1,&quot;effect&quot;:&quot;slide&quot;,&quot;space_between&quot;:20,&quot;loop&quot;:1,&quot;speed&quot;:1200,&quot;autoplay&quot;:1,&quot;autoplay_delay&quot;:5000,&quot;autoplay_hover&quot;:1,&quot;navigation&quot;:1,&quot;pagination&quot;:1,&quot;dynamic_bullets&quot;:1,&quot;pagination_type&quot;:&quot;bullets&quot;}\">\r\n         <div class=\"swiper-wrapper\">\r\n                           <div class=\"swiper-slide\">\r\n                  <div class=\"item-content\">\r\n                     <div class=\"item-content-inner\">\r\n                                                   <div class=\"box-image\">\r\n                              <div class=\"image-content\">\r\n                                 <img decoding=\"async\" src=\"https:\/\/cpps.pt\/wp-content\/uploads\/2025\/06\/guie.jpg\" alt=\"JUNTOS TUDO \u00c9 POSS\u00cdVEL\"\/>\r\n                              <\/div>\r\n                           <\/div>\r\n                                                <div class=\"box-content\">\r\n                           <div class=\"gsc-heading\">\r\n                              <div class=\"sub-title\"><span class=\"tagline\">Voluntariado<\/span><\/div>                              <h2 class=\"title\">JUNTOS TODO ES POSIBLE<\/h2>   \r\n                              <div class=\"title-desc\"> Estamos disponibles para el servicio que la Iglesia y el mundo nos piden, con un esp\u00edritu de \u201crenovaci\u00f3n\u201d, al estilo de \u201cdisc\u00edpulos misioneros\u201d.<\/div>                                                               <div class=\"read-more\">\r\n                                    \t\t  <a href=\"..\/?page_id=616\" class=\"btn-border\">\r\n\t\t\t Ver m\u00e1s\t\t  <\/a>\r\n\t\t                                   <\/div>\r\n                              \r\n                           <\/div>\r\n                        <\/div>\r\n                     <\/div>   \r\n                  <\/div>\r\n               <\/div>\r\n                           <div class=\"swiper-slide\">\r\n                  <div class=\"item-content\">\r\n                     <div class=\"item-content-inner\">\r\n                                                   <div class=\"box-image\">\r\n                              <div class=\"image-content\">\r\n                                 <img decoding=\"async\" src=\"https:\/\/cpps.pt\/wp-content\/uploads\/2025\/06\/dfgdsg.jpg\" alt=\"PROV\u00cdNCIA IB\u00c9RICA\"\/>\r\n                              <\/div>\r\n                           <\/div>\r\n                                                <div class=\"box-content\">\r\n                           <div class=\"gsc-heading\">\r\n                              <div class=\"sub-title\"><span class=\"tagline\">Misioneros de la Precios\u00edsima Sangre<\/span><\/div>                              <h2 class=\"title\">PROVINCIA IB\u00c9RICA<\/h2>   \r\n                              <div class=\"title-desc\">Todo comienza con el testimonio de un posible milagro: el espa\u00f1ol Vicente de Obando y Sol\u00eds, exiliado en Italia, escucha sobre la curaci\u00f3n por intercesi\u00f3n de Gaspar del B\u00fafalo...<\/div>                                                               <div class=\"read-more\">\r\n                                    \t\t  <a href=\"..\/?page_id=606\" class=\"btn-border\">\r\n\t\t\t M\u00e1s informaci\u00f3n\t\t  <\/a>\r\n\t\t                                   <\/div>\r\n                              \r\n                           <\/div>\r\n                        <\/div>\r\n                     <\/div>   \r\n                  <\/div>\r\n               <\/div>\r\n                           <div class=\"swiper-slide\">\r\n                  <div class=\"item-content\">\r\n                     <div class=\"item-content-inner\">\r\n                                                   <div class=\"box-image\">\r\n                              <div class=\"image-content\">\r\n                                 <img decoding=\"async\" src=\"https:\/\/cpps.pt\/wp-content\/uploads\/2025\/06\/erty.jpg\" alt=\"POR UM FUTURO MELHOR\"\/>\r\n                              <\/div>\r\n                           <\/div>\r\n                                                <div class=\"box-content\">\r\n                           <div class=\"gsc-heading\">\r\n                              <div class=\"sub-title\"><span class=\"tagline\">La vuelta al mundo<\/span><\/div>                              <h2 class=\"title\">POR UN FUTURO MEJOR<\/h2>   \r\n                              <div class=\"title-desc\">San Gaspar del B\u00fafalo sirvi\u00f3 a la Iglesia en las Misiones Populares. Cargando una enorme cruz, la colocaba en el centro de la plaza del pueblo y luego hablaba de la Precios\u00edsima Sangre Redentora de Jes\u00fas.<\/div>                                                               <div class=\"read-more\">\r\n                                    \t\t  <a href=\"..\/?page_id=605\" class=\"btn-border\">\r\n\t\t\t M\u00e1s informaci\u00f3n \t\t  <\/a>\r\n\t\t                                   <\/div>\r\n                              \r\n                           <\/div>\r\n                        <\/div>\r\n                     <\/div>   \r\n                  <\/div>\r\n               <\/div>\r\n                     <\/div>\r\n      <\/div>\r\n   <\/div>   \r\n   <div class=\"swiper-pagination\"><\/div>   <div class=\"swiper-nav-next\"><\/div><div class=\"swiper-nav-prev\"><\/div><\/div>\r\n<\/div>\t\t\t\t<\/div>\n\t\t\t\t<\/div>\n\t\t\t\t\t<\/div>\n\t\t\t\t<\/div>\n\t\t<div class=\"elementor-element elementor-element-6d163ef e-flex e-con-boxed e-con e-parent\" data-id=\"6d163ef\" data-element_type=\"container\">\n\t\t\t\t\t<div class=\"e-con-inner\">\n\t\t\t\t<div class=\"elementor-element elementor-element-99f29a8 elementor-widget elementor-widget-gva-heading-block\" data-id=\"99f29a8\" data-element_type=\"widget\" data-widget_type=\"gva-heading-block.default\">\n\t\t\t\t<div class=\"elementor-widget-container\">\n\t\t\t\t\t<div class=\"gva-element-gva-heading-block gva-element\">   <div class=\"align-center style-1 widget gsc-heading box-align-left auto-responsive\">\r\n      <div class=\"content-inner\">\r\n         \r\n                  \r\n           \r\n         \r\n                     <h2 class=\"title\">\r\n               <span>Lo que est\u00e1 sucediendo...<\/span>\r\n            <\/h2>\r\n                  \r\n                     <div class=\"title-desc\">POR NUESTRO MUNDO<\/div>\r\n         \r\n         \r\n      <\/div>\r\n   <\/div>\r\n<\/div>\t\t\t\t<\/div>\n\t\t\t\t<\/div>\n\t\t\t\t<div class=\"elementor-element elementor-element-b335fa9 elementor-widget elementor-widget-gva-posts\" data-id=\"b335fa9\" data-element_type=\"widget\" data-widget_type=\"gva-posts.default\">\n\t\t\t\t<div class=\"elementor-widget-container\">\n\t\t\t\t\t<div class=\"gva-element-gva-posts gva-element\">\r\n\t<div class=\"gva-posts-carousel gva-posts swiper-slider-wrapper\" data-filter=\"tmzx\">\r\n\t\t<div class=\"swiper-content-inner\">\r\n\t\t\t<div class=\"init-carousel-swiper swiper\" data-carousel=\"{&quot;items&quot;:3,&quot;items_lg&quot;:3,&quot;items_md&quot;:3,&quot;items_sm&quot;:2,&quot;items_xs&quot;:1,&quot;items_xx&quot;:1,&quot;effect&quot;:&quot;slide&quot;,&quot;space_between&quot;:30,&quot;loop&quot;:1,&quot;speed&quot;:1200,&quot;autoplay&quot;:1,&quot;autoplay_delay&quot;:5000,&quot;autoplay_hover&quot;:1,&quot;navigation&quot;:1,&quot;pagination&quot;:0,&quot;dynamic_bullets&quot;:0,&quot;pagination_type&quot;:&quot;bullets&quot;}\">\r\n\t\t\t\t<div class=\"swiper-wrapper\">\r\n\t\t\t\t\t<div class=\"swiper-slide\">\r\n   <article class=\"post post-one__single post-51132 type-post status-publish format-standard has-post-thumbnail hentry category-espiritualidade tag-beber-o-calice tag-filhos-de-zebedeu\">\r\n      <div class=\"post-one__thumbnail\"><a href=\"https:\/\/cpps.pt\/es\/beber-el-caliz-del-senor\/\"><img fetchpriority=\"high\" decoding=\"async\" width=\"600\" height=\"425\" src=\"https:\/\/cpps.pt\/wp-content\/uploads\/2026\/04\/FFF2-600x425.jpg?wsr\" class=\"attachment-post-thumbnail size-post-thumbnail wp-post-image\" alt=\"Beber el c\u00e1liz del Se\u00f1or\" srcset=\"https:\/\/cpps.pt\/wp-content\/uploads\/2026\/04\/FFF2-600x425.jpg 600w, https:\/\/cpps.pt\/wp-content\/uploads\/2026\/04\/FFF2-18x12.jpg 18w\" sizes=\"(max-width: 600px) 100vw, 600px\" \/><\/a><div class=\"post-one__entry-date\"><span class=\"date\">27<\/span><span class=\"month\">Abr<\/span><\/div><\/div>       \r\n      <div class=\"post-one__content has-thumbnail\">\r\n         <div class=\"post-one__content-inner\">\r\n            <h3 class=\"post-one__title\"><a href=\"https:\/\/cpps.pt\/es\/beber-el-caliz-del-senor\/\" rel=\"bookmark\">Bebed del c\u00e1liz del Se\u00f1or<\/a><\/h3>\r\n            <div class=\"post-one__desc\">La madre de Zebedeo le pide a Jes\u00fas que sus hijos se sientan uno a<\/div>            <div class=\"post-one__meta\">\r\n               <div class=\"clearfix meta-inline post-meta-1\"><span class=\"author vcard\"><i class=\"fas fa-user-circle\"><\/i>Padre Felipe<\/span><span class=\"post-comment\"><i class=\"fas fa-comments\"><\/i>0 Comments<\/span><\/div>            <\/div> \r\n         <\/div>\r\n      <\/div>\r\n   <\/article>   \r\n\r\n  <\/div><div class=\"swiper-slide\">\r\n   <article class=\"post post-one__single post-51109 type-post status-publish format-standard has-post-thumbnail hentry category-preciosissimo-sangue category-sao-gaspar-del-bufalo category-vida-consagrada category-vocacoes tag-vocacoes\">\r\n      <div class=\"post-one__thumbnail\"><a href=\"https:\/\/cpps.pt\/es\/dia-mundial-de-oracao-pelas-vocacoes\/\"><img decoding=\"async\" width=\"600\" height=\"425\" src=\"https:\/\/cpps.pt\/wp-content\/uploads\/2026\/04\/V2-600x425.jpg?wsr\" class=\"attachment-post-thumbnail size-post-thumbnail wp-post-image\" alt=\"\u00a0Dia Mundial de Ora\u00e7\u00e3o pelas Voca\u00e7\u00f5es\" srcset=\"https:\/\/cpps.pt\/wp-content\/uploads\/2026\/04\/V2-600x425.jpg 600w, https:\/\/cpps.pt\/wp-content\/uploads\/2026\/04\/V2-18x12.jpg 18w\" sizes=\"(max-width: 600px) 100vw, 600px\" \/><\/a><div class=\"post-one__entry-date\"><span class=\"date\">26<\/span><span class=\"month\">Abr<\/span><\/div><\/div>       \r\n      <div class=\"post-one__content has-thumbnail\">\r\n         <div class=\"post-one__content-inner\">\r\n            <h3 class=\"post-one__title\"><a href=\"https:\/\/cpps.pt\/es\/dia-mundial-de-oracao-pelas-vocacoes\/\" rel=\"bookmark\">\u00a0Jornada Mundial de Oraci\u00f3n por las Vocaciones<\/a><\/h3>\r\n            <div class=\"post-one__desc\">Hoy es el D\u00eda Mundial de Oraci\u00f3n por las Vocaciones. Significa dar gracias al Se\u00f1or por tantas.<\/div>            <div class=\"post-one__meta\">\r\n               <div class=\"clearfix meta-inline post-meta-1\"><span class=\"author vcard\"><i class=\"fas fa-user-circle\"><\/i>Padre Felipe<\/span><span class=\"post-comment\"><i class=\"fas fa-comments\"><\/i>0 Comments<\/span><\/div>            <\/div> \r\n         <\/div>\r\n      <\/div>\r\n   <\/article>   \r\n\r\n  <\/div><div class=\"swiper-slide\">\r\n   <article class=\"post post-one__single post-51136 type-post status-publish format-standard has-post-thumbnail hentry category-espanha category-guine-bissau category-missao category-portugal category-sao-gaspar-del-bufalo category-vida-consagrada tag-vocacao-missionaria\">\r\n      <div class=\"post-one__thumbnail\"><a href=\"https:\/\/cpps.pt\/es\/a-descoberta-interior-do-dom-de-deus\/\"><img decoding=\"async\" width=\"600\" height=\"425\" src=\"https:\/\/cpps.pt\/wp-content\/uploads\/2026\/04\/VOC1-600x425.jpg?wsr\" class=\"attachment-post-thumbnail size-post-thumbnail wp-post-image\" alt=\"A descoberta interior do dom de Deus\" srcset=\"https:\/\/cpps.pt\/wp-content\/uploads\/2026\/04\/VOC1-600x425.jpg 600w, https:\/\/cpps.pt\/wp-content\/uploads\/2026\/04\/VOC1-18x12.jpg 18w\" sizes=\"(max-width: 600px) 100vw, 600px\" \/><\/a><div class=\"post-one__entry-date\"><span class=\"date\">25<\/span><span class=\"month\">Abr<\/span><\/div><\/div>       \r\n      <div class=\"post-one__content has-thumbnail\">\r\n         <div class=\"post-one__content-inner\">\r\n            <h3 class=\"post-one__title\"><a href=\"https:\/\/cpps.pt\/es\/a-descoberta-interior-do-dom-de-deus\/\" rel=\"bookmark\">El descubrimiento interior del don de Dios.<\/a><\/h3>\r\n            <div class=\"post-one__desc\">\u00a1Tienes una vocaci\u00f3n, porque Dios te est\u00e1 llamando! Nosotros, los Misioneros de la Preciosa Sangre, tenemos tres caracter\u00edsticas.<\/div>            <div class=\"post-one__meta\">\r\n               <div class=\"clearfix meta-inline post-meta-1\"><span class=\"author vcard\"><i class=\"fas fa-user-circle\"><\/i>Padre Felipe<\/span><span class=\"post-comment\"><i class=\"fas fa-comments\"><\/i>0 Comments<\/span><\/div>            <\/div> \r\n         <\/div>\r\n      <\/div>\r\n   <\/article>   \r\n\r\n  <\/div><div class=\"swiper-slide\">\r\n   <article class=\"post post-one__single post-51118 type-post status-publish format-standard has-post-thumbnail hentry category-preciosissimo-sangue category-vida-consagrada category-vocacoes tag-missionarios-do-preciosissimo-sangue tag-oracao-pelas-vocacoes\">\r\n      <div class=\"post-one__thumbnail\"><a href=\"https:\/\/cpps.pt\/es\/51118-2\/\"><img loading=\"lazy\" decoding=\"async\" width=\"600\" height=\"425\" src=\"https:\/\/cpps.pt\/wp-content\/uploads\/2026\/04\/V3-600x425.jpg?wsr\" class=\"attachment-post-thumbnail size-post-thumbnail wp-post-image\" alt=\"Ora\u00e7\u00e3o pelas Voca\u00e7\u00f5es\" srcset=\"https:\/\/cpps.pt\/wp-content\/uploads\/2026\/04\/V3-600x425.jpg 600w, https:\/\/cpps.pt\/wp-content\/uploads\/2026\/04\/V3-16x12.jpg 16w\" sizes=\"(max-width: 600px) 100vw, 600px\" \/><\/a><div class=\"post-one__entry-date\"><span class=\"date\">23<\/span><span class=\"month\">Abr<\/span><\/div><\/div>       \r\n      <div class=\"post-one__content has-thumbnail\">\r\n         <div class=\"post-one__content-inner\">\r\n            <h3 class=\"post-one__title\"><a href=\"https:\/\/cpps.pt\/es\/51118-2\/\" rel=\"bookmark\">Oraci\u00f3n por las vocaciones<\/a><\/h3>\r\n            <div class=\"post-one__desc\">Se\u00f1or Jes\u00fas, T\u00fa que sigues llamando: \u00a1ven y s\u00edgueme! Pongo en Tus manos el<\/div>            <div class=\"post-one__meta\">\r\n               <div class=\"clearfix meta-inline post-meta-1\"><span class=\"author vcard\"><i class=\"fas fa-user-circle\"><\/i>Padre Felipe<\/span><span class=\"post-comment\"><i class=\"fas fa-comments\"><\/i>0 Comments<\/span><\/div>            <\/div> \r\n         <\/div>\r\n      <\/div>\r\n   <\/article>   \r\n\r\n  <\/div><div class=\"swiper-slide\">\r\n   <article class=\"post post-one__single post-51105 type-post status-publish format-standard has-post-thumbnail hentry category-leigos category-preciosissimo-sangue category-santa-maria-de-matias category-sao-gaspar-del-bufalo tag-familia-do-preciosissimo-sangue\">\r\n      <div class=\"post-one__thumbnail\"><a href=\"https:\/\/cpps.pt\/es\/1o-encontro-da-familia-do-preciosissimo-sangue-2\/\"><img loading=\"lazy\" decoding=\"async\" width=\"600\" height=\"425\" src=\"https:\/\/cpps.pt\/wp-content\/uploads\/2026\/04\/L1-600x425.jpeg?wsr\" class=\"attachment-post-thumbnail size-post-thumbnail wp-post-image\" alt=\"1\u00ba Encontro da Fam\u00edlia do Precios\u00edssimo Sangue\" srcset=\"https:\/\/cpps.pt\/wp-content\/uploads\/2026\/04\/L1-600x425.jpeg 600w, https:\/\/cpps.pt\/wp-content\/uploads\/2026\/04\/L1-18x12.jpeg 18w\" sizes=\"(max-width: 600px) 100vw, 600px\" \/><\/a><div class=\"post-one__entry-date\"><span class=\"date\">19<\/span><span class=\"month\">Abr<\/span><\/div><\/div>       \r\n      <div class=\"post-one__content has-thumbnail\">\r\n         <div class=\"post-one__content-inner\">\r\n            <h3 class=\"post-one__title\"><a href=\"https:\/\/cpps.pt\/es\/1o-encontro-da-familia-do-preciosissimo-sangue-2\/\" rel=\"bookmark\">Primera Reuni\u00f3n de la Familia de la Precios\u00edsima Sangre<\/a><\/h3>\r\n            <div class=\"post-one__desc\">Tuvo lugar los d\u00edas 18 y 19 de abril en el Seminario Mayor de C\u00e1ceres (Espa\u00f1a), el<\/div>            <div class=\"post-one__meta\">\r\n               <div class=\"clearfix meta-inline post-meta-1\"><span class=\"author vcard\"><i class=\"fas fa-user-circle\"><\/i>Padre Felipe<\/span><span class=\"post-comment\"><i class=\"fas fa-comments\"><\/i>1 Comment<\/span><\/div>            <\/div> \r\n         <\/div>\r\n      <\/div>\r\n   <\/article>   \r\n\r\n  <\/div><div class=\"swiper-slide\">\r\n   <article class=\"post post-one__single post-51100 type-post status-publish format-standard has-post-thumbnail hentry category-espiritualidade tag-missionarios-do-preciosissimo-sangue tag-sangue-da-alianca\">\r\n      <div class=\"post-one__thumbnail\"><a href=\"https:\/\/cpps.pt\/es\/la-alianza-en-la-sangre-mc-26-26-29\/\"><img loading=\"lazy\" decoding=\"async\" width=\"600\" height=\"425\" src=\"https:\/\/cpps.pt\/wp-content\/uploads\/2026\/04\/AAAA2-600x425.jpg?wsr\" class=\"attachment-post-thumbnail size-post-thumbnail wp-post-image\" alt=\"La Alianza en la Sangre (Mc 26, 26-29)\" \/><\/a><div class=\"post-one__entry-date\"><span class=\"date\">18<\/span><span class=\"month\">Abr<\/span><\/div><\/div>       \r\n      <div class=\"post-one__content has-thumbnail\">\r\n         <div class=\"post-one__content-inner\">\r\n            <h3 class=\"post-one__title\"><a href=\"https:\/\/cpps.pt\/es\/la-alianza-en-la-sangre-mc-26-26-29\/\" rel=\"bookmark\">La Alianza en Sangre (Mc 26, 26-29)<\/a><\/h3>\r\n            <div class=\"post-one__desc\">Alianza quiere expresar que Dios quiere vivir con su Pueblo y que no quiere permanecer<\/div>            <div class=\"post-one__meta\">\r\n               <div class=\"clearfix meta-inline post-meta-1\"><span class=\"author vcard\"><i class=\"fas fa-user-circle\"><\/i>Padre Felipe<\/span><span class=\"post-comment\"><i class=\"fas fa-comments\"><\/i>0 Comments<\/span><\/div>            <\/div> \r\n         <\/div>\r\n      <\/div>\r\n   <\/article>   \r\n\r\n  <\/div>\t\t\t\t<\/div>\r\n\t\t\t<\/div>\t\r\n\t\t<\/div>\t\r\n\t\t\t\t<div class=\"swiper-nav-next\"><\/div><div class=\"swiper-nav-prev\"><\/div> \r\n\t<\/div>\r\n  <\/div>\t\t\t\t<\/div>\n\t\t\t\t<\/div>\n\t\t\t\t\t<\/div>\n\t\t\t\t<\/div>\n\t\t<div class=\"elementor-element elementor-element-749ee35 e-flex e-con-boxed e-con e-parent\" data-id=\"749ee35\" data-element_type=\"container\">\n\t\t\t\t\t<div class=\"e-con-inner\">\n\t\t<div class=\"elementor-element elementor-element-fb6c9c3 e-con-full e-flex e-con e-child\" data-id=\"fb6c9c3\" data-element_type=\"container\">\n\t\t<div class=\"elementor-element elementor-element-68cce64 e-con-full e-flex e-con e-child\" data-id=\"68cce64\" data-element_type=\"container\">\n\t\t<div class=\"elementor-element elementor-element-4483f93 e-con-full e-flex e-con e-child\" data-id=\"4483f93\" data-element_type=\"container\">\n\t\t\t\t<div class=\"elementor-element elementor-element-477208d elementor-position-left elementor-vertical-align-middle icon-box-left elementor-view-default elementor-mobile-position-top elementor-widget elementor-widget-icon-box\" data-id=\"477208d\" data-element_type=\"widget\" data-widget_type=\"icon-box.default\">\n\t\t\t\t<div class=\"elementor-widget-container\">\n\t\t\t\t\t\t\t<div class=\"elementor-icon-box-wrapper\">\n\n\t\t\t\t\t\t<div class=\"elementor-icon-box-icon\">\n\t\t\t\t<span  class=\"elementor-icon\">\n\t\t\t\t<i aria-hidden=\"true\" class=\"wicon-exploration\"><\/i>\t\t\t\t<\/span>\n\t\t\t<\/div>\n\t\t\t\n\t\t\t\t\t\t<div class=\"elementor-icon-box-content\">\n\n\t\t\t\t\t\t\t\t\t<h3 class=\"elementor-icon-box-title\">\n\t\t\t\t\t\t<span  >\n\t\t\t\t\t\t\t\u00bfQuieres saber m\u00e1s?\t\t\t\t\t\t<\/span>\n\t\t\t\t\t<\/h3>\n\t\t\t\t\n\t\t\t\t\t\t\t\t\t<p class=\"elementor-icon-box-description\">\n\t\t\t\t\t\t\u00bfSobre nuestro mundo?\t\t\t\t\t<\/p>\n\t\t\t\t\n\t\t\t<\/div>\n\t\t\t\n\t\t<\/div>\n\t\t\t\t\t\t<\/div>\n\t\t\t\t<\/div>\n\t\t\t\t<\/div>\n\t\t<div class=\"elementor-element elementor-element-04dc880 e-con-full e-flex e-con e-child\" data-id=\"04dc880\" data-element_type=\"container\">\n\t\t\t\t<div class=\"elementor-element elementor-element-45510a0 elementor-widget__width-auto elementor-widget elementor-widget-html\" data-id=\"45510a0\" data-element_type=\"widget\" data-widget_type=\"html.default\">\n\t\t\t\t<div class=\"elementor-widget-container\">\n\t\t\t\t\t<a class=\"btn-theme\" href=\"..\/?page_id=120\">\n    VER M\u00c1S\n<\/a>\t\t\t\t<\/div>\n\t\t\t\t<\/div>\n\t\t\t\t<\/div>\n\t\t\t\t<\/div>\n\t\t\t\t<\/div>\n\t\t\t\t\t<\/div>\n\t\t\t\t<\/div>\n\t\t\t\t<\/div>","protected":false},"excerpt":{"rendered":"<p>Voluntariado JUNTOS TUDO \u00c9 POSS\u00cdVEL Estamos dispon\u00edveis para o servi\u00e7o que a igreja e o mundo nos solicitam, com um esp\u00edrito de \u201crenova\u00e7\u00e3o\u201d, \u00e0 maneira de \u201cdisc\u00edpulos mission\u00e1rios\u201d. Ver mais Mission\u00e1rios do Precios\u00edssimo Sangue PROV\u00cdNCIA IB\u00c9RICA Tudo come\u00e7a com o testemunho de um poss\u00edvel milagre: o espanhol Vicente de Obando y Solis, exilado em It\u00e1lia, [&hellip;]<\/p>","protected":false},"author":2,"featured_media":0,"parent":0,"menu_order":0,"comment_status":"closed","ping_status":"closed","template":"","meta":{"iawp_total_views":1075,"footnotes":""},"class_list":["post-119","page","type-page","status-publish","hentry"],"_links":{"self":[{"href":"https:\/\/cpps.pt\/es\/wp-json\/wp\/v2\/pages\/119"}],"collection":[{"href":"https:\/\/cpps.pt\/es\/wp-json\/wp\/v2\/pages"}],"about":[{"href":"https:\/\/cpps.pt\/es\/wp-json\/wp\/v2\/types\/page"}],"author":[{"embeddable":true,"href":"https:\/\/cpps.pt\/es\/wp-json\/wp\/v2\/users\/2"}],"replies":[{"embeddable":true,"href":"https:\/\/cpps.pt\/es\/wp-json\/wp\/v2\/comments?post=119"}],"version-history":[{"count":90,"href":"https:\/\/cpps.pt\/es\/wp-json\/wp\/v2\/pages\/119\/revisions"}],"predecessor-version":[{"id":50634,"href":"https:\/\/cpps.pt\/es\/wp-json\/wp\/v2\/pages\/119\/revisions\/50634"}],"wp:attachment":[{"href":"https:\/\/cpps.pt\/es\/wp-json\/wp\/v2\/media?parent=119"}],"curies":[{"name":"wp","href":"https:\/\/api.w.org\/{rel}","templated":true}]}}